{"id":1930,"date":"2021-01-20T03:52:06","date_gmt":"2021-01-20T03:52:06","guid":{"rendered":"https:\/\/www3.radio94fm.net\/?page_id=1930"},"modified":"2022-12-02T12:31:06","modified_gmt":"2022-12-02T12:31:06","slug":"a-radio","status":"publish","type":"page","link":"https:\/\/radio94fm.net\/site\/a-radio\/","title":{"rendered":"A R\u00e1dio"},"content":{"rendered":"\t\t<div data-elementor-type=\"wp-page\" data-elementor-id=\"1930\" class=\"elementor elementor-1930\" data-elementor-settings=\"[]\">\n\t\t\t\t\t\t<div class=\"elementor-inner\">\n\t\t\t\t\t\t\t<div class=\"elementor-section-wrap\">\n\t\t\t\t\t\t\t<section class=\"elementor-section elementor-top-section elementor-element elementor-element-5ebc745 elementor-section-stretched elementor-section-boxed elementor-section-height-default elementor-section-height-default\" data-id=\"5ebc745\" data-element_type=\"section\" data-settings=\"{&quot;stretch_section&quot;:&quot;section-stretched&quot;}\">\n\t\t\t\t\t\t<div class=\"elementor-container elementor-column-gap-wide\">\n\t\t\t\t\t\t\t<div class=\"elementor-row\">\n\t\t\t\t\t<div class=\"elementor-column elementor-col-50 elementor-top-column elementor-element elementor-element-b11d4c3\" data-id=\"b11d4c3\" data-element_type=\"column\">\n\t\t\t<div class=\"elementor-column-wrap elementor-element-populated\">\n\t\t\t\t\t\t\t<div class=\"elementor-widget-wrap\">\n\t\t\t\t\t\t<div class=\"elementor-element elementor-element-5712af3 elementor-widget elementor-widget-heading\" data-id=\"5712af3\" data-element_type=\"widget\" data-widget_type=\"heading.default\">\n\t\t\t\t<div class=\"elementor-widget-container\">\n\t\t\t<div class=\"elementor-heading-title elementor-size-default\">R\u00e1dio 94FM<\/div>\t\t<\/div>\n\t\t\t\t<\/div>\n\t\t\t\t<div class=\"elementor-element elementor-element-384dc47 elementor-widget elementor-widget-heading\" data-id=\"384dc47\" data-element_type=\"widget\" data-widget_type=\"heading.default\">\n\t\t\t\t<div class=\"elementor-widget-container\">\n\t\t\t<h2 class=\"elementor-heading-title elementor-size-default\">Nossa Hist\u00f3ria<\/h2>\t\t<\/div>\n\t\t\t\t<\/div>\n\t\t\t\t<div class=\"elementor-element elementor-element-bc2c1b7 elementor-widget elementor-widget-text-editor\" data-id=\"bc2c1b7\" data-element_type=\"widget\" data-widget_type=\"text-editor.default\">\n\t\t\t\t<div class=\"elementor-widget-container\">\n\t\t\t\t\t\t\t\t<div class=\"elementor-text-editor elementor-clearfix\">\n\t\t\t\t<p>Em 1984, foi instalada em Lavras a r\u00e1dio Rio Grande FM \u2013 94,7 MHz. Iniciativa dos empres\u00e1rios Jos\u00e9 Santana, Leonardo Venerando Pereira e S\u00e9rgio Morel Vitorino.<\/p><p>Chegando hoje aos 28 anos de irradia\u00e7\u00e3o, com um alcance de aproximadamente 100 Km, a Rio Grande FM interage com a comunidade de Lavras e mais 28 cidades da regi\u00e3o, somos hoje uma marca presente no mercado Sul Mineiro e no Campos das Vertentes.<\/p>\t\t\t\t\t<\/div>\n\t\t\t\t\t\t<\/div>\n\t\t\t\t<\/div>\n\t\t\t\t<div class=\"elementor-element elementor-element-992dfb3 elementor-widget elementor-widget-text-editor\" data-id=\"992dfb3\" data-element_type=\"widget\" data-widget_type=\"text-editor.default\">\n\t\t\t\t<div class=\"elementor-widget-container\">\n\t\t\t\t\t\t\t\t<div class=\"elementor-text-editor elementor-clearfix\">\n\t\t\t\t<blockquote><p>Buscamos sempre promover promo\u00e7\u00f5es, eventos, gincanas, projetos sociais e culturais, a\u00e7\u00f5es beneficentes, cobertura de shows, entre outros eventos.<\/p><\/blockquote>\t\t\t\t\t<\/div>\n\t\t\t\t\t\t<\/div>\n\t\t\t\t<\/div>\n\t\t\t\t<div class=\"elementor-element elementor-element-a056dcc elementor-widget elementor-widget-text-editor\" data-id=\"a056dcc\" data-element_type=\"widget\" data-widget_type=\"text-editor.default\">\n\t\t\t\t<div class=\"elementor-widget-container\">\n\t\t\t\t\t\t\t\t<div class=\"elementor-text-editor elementor-clearfix\">\n\t\t\t\t<p>Acompanhamos o avan\u00e7o tecnol\u00f3gico, hoje nossa r\u00e1dio pode ser ouvida atrav\u00e9s do nosso site. Possu\u00edmos um est\u00fadio m\u00f3vel podendo realizar cobertura ao vivo em qualquer parte da cidade e regi\u00e3o.<\/p><p>Com o estilo alegre, descontra\u00eddo e com uma programa\u00e7\u00e3o imparcial e de grande credibilidade, buscamos agradar ouvintes das diversas faixas et\u00e1rias.<\/p><p>Quem conhece nosso trabalho sabe que nosso objetivo \u00e9 levar o melhor em programa\u00e7\u00e3o para Lavras e regi\u00e3o.<\/p><p>Essa \u00e9 a R\u00e1dio Rio Grande, 94 FM !<\/p>\t\t\t\t\t<\/div>\n\t\t\t\t\t\t<\/div>\n\t\t\t\t<\/div>\n\t\t\t\t\t\t<\/div>\n\t\t\t\t\t<\/div>\n\t\t<\/div>\n\t\t\t\t<div class=\"elementor-column elementor-col-50 elementor-top-column elementor-element elementor-element-f3ee043\" data-id=\"f3ee043\" data-element_type=\"column\">\n\t\t\t<div class=\"elementor-column-wrap elementor-element-populated\">\n\t\t\t\t\t\t\t<div class=\"elementor-widget-wrap\">\n\t\t\t\t\t\t<div class=\"elementor-element elementor-element-ab60c8d elementor-widget elementor-widget-image\" data-id=\"ab60c8d\" data-element_type=\"widget\" data-widget_type=\"image.default\">\n\t\t\t\t<div class=\"elementor-widget-container\">\n\t\t\t\t\t\t\t\t<div class=\"elementor-image\">\n\t\t\t\t\t\t\t\t\t\t\t\t<img loading=\"lazy\" decoding=\"async\" width=\"384\" height=\"364\" src=\"https:\/\/radio94fm.net\/site\/wp-content\/uploads\/2021\/10\/radio94-fm-sede.jpg\" class=\"attachment-large size-large\" alt=\"\" srcset=\"https:\/\/radio94fm.net\/site\/wp-content\/uploads\/2021\/10\/radio94-fm-sede.jpg 384w, https:\/\/radio94fm.net\/site\/wp-content\/uploads\/2021\/10\/radio94-fm-sede-300x284.jpg 300w\" sizes=\"auto, (max-width: 384px) 100vw, 384px\" \/>\t\t\t\t\t\t\t\t\t\t\t\t\t\t<\/div>\n\t\t\t\t\t\t<\/div>\n\t\t\t\t<\/div>\n\t\t\t\t\t\t<\/div>\n\t\t\t\t\t<\/div>\n\t\t<\/div>\n\t\t\t\t\t\t\t\t<\/div>\n\t\t\t\t\t<\/div>\n\t\t<\/section>\n\t\t\t\t<section class=\"elementor-section elementor-top-section elementor-element elementor-element-2cde302 elementor-section-stretched elementor-section-boxed elementor-section-height-default elementor-section-height-default\" data-id=\"2cde302\" data-element_type=\"section\" data-settings=\"{&quot;stretch_section&quot;:&quot;section-stretched&quot;,&quot;background_background&quot;:&quot;classic&quot;}\">\n\t\t\t\t\t\t\t<div class=\"elementor-background-overlay\"><\/div>\n\t\t\t\t\t\t\t<div class=\"elementor-container elementor-column-gap-default\">\n\t\t\t\t\t\t\t<div class=\"elementor-row\">\n\t\t\t\t\t<div class=\"elementor-column elementor-col-100 elementor-top-column elementor-element elementor-element-e85237d\" data-id=\"e85237d\" data-element_type=\"column\">\n\t\t\t<div class=\"elementor-column-wrap elementor-element-populated\">\n\t\t\t\t\t\t\t<div class=\"elementor-widget-wrap\">\n\t\t\t\t\t\t<div class=\"elementor-element elementor-element-964752a elementor-widget elementor-widget-rt-cta\" data-id=\"964752a\" data-element_type=\"widget\" data-widget_type=\"rt-cta.default\">\n\t\t\t\t<div class=\"elementor-widget-container\">\n\t\t\t<div class=\"banner-section \">\n\t    <h2 class=\"item-title\">Equipe 94<\/h2>\n    <\/div>\n\t\t<\/div>\n\t\t\t\t<\/div>\n\t\t\t\t<div class=\"elementor-element elementor-element-5aa140b elementor-widget elementor-widget-image\" data-id=\"5aa140b\" data-element_type=\"widget\" data-widget_type=\"image.default\">\n\t\t\t\t<div class=\"elementor-widget-container\">\n\t\t\t\t\t\t\t\t<div class=\"elementor-image\">\n\t\t\t\t\t\t\t\t\t\t\t\t<img loading=\"lazy\" decoding=\"async\" width=\"1024\" height=\"671\" src=\"https:\/\/radio94fm.net\/site\/wp-content\/uploads\/2022\/12\/IMG_6719-4-1024x671.jpg\" class=\"attachment-large size-large\" alt=\"\" srcset=\"https:\/\/radio94fm.net\/site\/wp-content\/uploads\/2022\/12\/IMG_6719-4-1024x671.jpg 1024w, https:\/\/radio94fm.net\/site\/wp-content\/uploads\/2022\/12\/IMG_6719-4-300x197.jpg 300w, https:\/\/radio94fm.net\/site\/wp-content\/uploads\/2022\/12\/IMG_6719-4-768x503.jpg 768w, https:\/\/radio94fm.net\/site\/wp-content\/uploads\/2022\/12\/IMG_6719-4-1536x1006.jpg 1536w, https:\/\/radio94fm.net\/site\/wp-content\/uploads\/2022\/12\/IMG_6719-4-2048x1342.jpg 2048w\" sizes=\"auto, (max-width: 1024px) 100vw, 1024px\" \/>\t\t\t\t\t\t\t\t\t\t\t\t\t\t<\/div>\n\t\t\t\t\t\t<\/div>\n\t\t\t\t<\/div>\n\t\t\t\t\t\t<\/div>\n\t\t\t\t\t<\/div>\n\t\t<\/div>\n\t\t\t\t\t\t\t\t<\/div>\n\t\t\t\t\t<\/div>\n\t\t<\/section>\n\t\t\t\t\t\t<\/div>\n\t\t\t\t\t\t<\/div>\n\t\t\t\t\t<\/div>\n\t\t","protected":false},"excerpt":{"rendered":"<p>R\u00e1dio 94FM Nossa Hist\u00f3ria Em 1984, foi instalada em Lavras a r\u00e1dio Rio Grande FM \u2013 94,7 MHz. Iniciativa dos empres\u00e1rios Jos\u00e9 Santana, Leonardo Venerando Pereira e S\u00e9rgio Morel Vitorino. Chegando hoje aos 28 anos de irradia\u00e7\u00e3o, com um alcance de aproximadamente 100 Km, a Rio Grande FM interage com a comunidade de Lavras e&#8230;<\/p>\n","protected":false},"author":1,"featured_media":0,"parent":0,"menu_order":0,"comment_status":"closed","ping_status":"closed","template":"","meta":{"ngg_post_thumbnail":0,"footnotes":""},"class_list":["post-1930","page","type-page","status-publish","hentry"],"_links":{"self":[{"href":"https:\/\/radio94fm.net\/site\/wp-json\/wp\/v2\/pages\/1930","targetHints":{"allow":["GET"]}}],"collection":[{"href":"https:\/\/radio94fm.net\/site\/wp-json\/wp\/v2\/pages"}],"about":[{"href":"https:\/\/radio94fm.net\/site\/wp-json\/wp\/v2\/types\/page"}],"author":[{"embeddable":true,"href":"https:\/\/radio94fm.net\/site\/wp-json\/wp\/v2\/users\/1"}],"replies":[{"embeddable":true,"href":"https:\/\/radio94fm.net\/site\/wp-json\/wp\/v2\/comments?post=1930"}],"version-history":[{"count":17,"href":"https:\/\/radio94fm.net\/site\/wp-json\/wp\/v2\/pages\/1930\/revisions"}],"predecessor-version":[{"id":38723,"href":"https:\/\/radio94fm.net\/site\/wp-json\/wp\/v2\/pages\/1930\/revisions\/38723"}],"wp:attachment":[{"href":"https:\/\/radio94fm.net\/site\/wp-json\/wp\/v2\/media?parent=1930"}],"curies":[{"name":"wp","href":"https:\/\/api.w.org\/{rel}","templated":true}]}}